	{"id":2238,"date":"2016-02-16T14:27:41","date_gmt":"2016-02-16T13:27:41","guid":{"rendered":"https:\/\/www.au-neuf-mille.fr\/portfolio\/le-forum-de-tregastel\/"},"modified":"2024-01-18T10:51:40","modified_gmt":"2024-01-18T09:51:40","slug":"le-forum-de-tregastel","status":"publish","type":"portfolio","link":"https:\/\/www.au-neuf-mille.fr\/en\/portfolio\/le-forum-de-tregastel\/","title":{"rendered":"Le Forum de Tr\u00e9gastel"},"content":{"rendered":"<p>[vc_row top=&#8221;132px&#8221;][vc_column][vc_btn title=&#8221;&lt;&lt;&lt; La C\u00f4te de Granit Rose&#8221; style=&#8221;outline&#8221; color=&#8221;black&#8221; align=&#8221;left&#8221; link=&#8221;url:https%3A%2F%2Fwww.au-neuf-mille.fr%2Fen%2Fpink-granite-coast%2F|&#8221;][\/vc_column][\/vc_row][vc_row][vc_column width=&#8221;2\/3&#8243;][vc_single_image image=&#8221;412&#8243; img_size=&#8221;full&#8221; alignment=&#8221;center&#8221; onclick=&#8221;custom_link&#8221; link=&#8221;http:\/\/forumdetregastel.fr\/&#8221;][\/vc_column][vc_column width=&#8221;1\/3&#8243;][vc_column_text]<\/p>\n<h3>Nager, bouger, buller au\u00a0Forum de Tr\u00e9gastel<\/h3>\n<p>Avec une vue sur mer imprenable, le complexe aquatique situ\u00e9 au bord de la plage du Coz-Pors, vous s\u00e9duira \u00e0 coup s\u00fbr ! vous attendent, un parcours\u00a0thalasso-tonique dans l&#8217;eau\u00a0de mer chauff\u00e9e \u00e0 30\u00b0 et bien d&#8217;autre s activit\u00e9s. Bougez avec\u00a0le cardio-fitness et bullez\u00a0avec les hammams et saunas.<\/p>\n<p>D\u00e9couvrir toutes <a href=\"http:\/\/forumdetregastel.fr\/\" target=\"_blank\" rel=\"noopener\">les activit\u00e9s du Forum &gt;&gt;&gt;<\/a><\/p>\n<p>[\/vc_column_text][\/vc_column][\/vc_row]<\/p>\n","protected":false},"excerpt":{"rendered":"<p>[vc_row top=&#8221;132px&#8221;][vc_column][vc_btn title=&#8221;&lt;&lt;&lt; La C\u00f4te de Granit Rose&#8221; style=&#8221;outline&#8221; color=&#8221;black&#8221; align=&#8221;left&#8221; link=&#8221;url:https%3A%2F%2Fwww.au-neuf-mille.fr%2Fen%2Fpink-granite-coast%2F|&#8221;][\/vc_column][\/vc_row][vc_row][vc_column width=&#8221;2\/3&#8243;][vc_single_image image=&#8221;412&#8243; img_size=&#8221;full&#8221; alignment=&#8221;center&#8221; onclick=&#8221;custom_link&#8221; link=&#8221;http:\/\/forumdetregastel.fr\/&#8221;][\/vc_column][vc_column width=&#8221;1\/3&#8243;][vc_column_text] Nager, bouger, buller au\u00a0Forum de Tr\u00e9gastel Avec une vue sur mer imprenable, le complexe aquatique situ\u00e9 au bord de la plage du Coz-Pors, vous s\u00e9duira \u00e0 coup s\u00fbr ! vous attendent, un parcours\u00a0thalasso-tonique dans l&#8217;eau\u00a0de mer chauff\u00e9e \u00e0 30\u00b0 et bien d&#8217;autre s activit\u00e9s. Bougez avec\u00a0le cardio-fitness et bullez\u00a0avec les hammams et saunas. D\u00e9couvrir toutes les&#8230;  <\/p>\n<div class=\"read-more\"><a class=\"excerpt-read-more\" href=\"https:\/\/www.au-neuf-mille.fr\/en\/portfolio\/le-forum-de-tregastel\/\" title=\"Continue reading Le Forum de Tr\u00e9gastel\">Read more<i class=\"fa fa-angle-right\"><\/i><\/a><\/div>\n","protected":false},"author":1,"featured_media":1721,"menu_order":0,"comment_status":"closed","ping_status":"closed","template":"","format":"standard","meta":{"_vp_format_video_url":"","_vp_image_focal_point":[],"footnotes":""},"portfolio_category":[202],"portfolio_tag":[206,207,208,209,210,151,152,211,212,160,213],"class_list":["post-2238","portfolio","type-portfolio","status-publish","format-standard","has-post-thumbnail","hentry","portfolio_category-2-tregastel-en","portfolio_tag-cardio-fitness-en","portfolio_tag-coz-pors-en","portfolio_tag-detente-en","portfolio_tag-hammam-en","portfolio_tag-jacuzzi-en","portfolio_tag-loisirs-en","portfolio_tag-mer-en","portfolio_tag-piscine-en","portfolio_tag-sauna-en","portfolio_tag-sport-en","portfolio_tag-thalasso-en"],"yoast_head":"<!-- This site is optimized with the Yoast SEO plugin v27.4 - https:\/\/yoast.com\/product\/yoast-seo-wordpress\/ -->\n<title>S\u00e9jour d\u00e9tente gr\u00e2ce au Forum de Tr\u00e9gastel proche de la r\u00e9sidence<\/title>\n<meta name=\"description\" content=\"S\u00e9jour d\u00e9tente gr\u00e2ce au Forum de Tr\u00e9gastel situ\u00e9 proche de la r\u00e9sidence **** au neuf mille.\" \/>\n<meta name=\"robots\" content=\"index, follow, max-snippet:-1, max-image-preview:large, max-video-preview:-1\" \/>\n<link rel=\"canonical\" href=\"https:\/\/www.au-neuf-mille.fr\/en\/portfolio\/le-forum-de-tregastel\/\" \/>\n<meta property=\"og:locale\" content=\"en_US\" \/>\n<meta property=\"og:type\" content=\"article\" \/>\n<meta property=\"og:title\" content=\"S\u00e9jour d\u00e9tente gr\u00e2ce au Forum de Tr\u00e9gastel proche de la r\u00e9sidence\" \/>\n<meta property=\"og:description\" content=\"S\u00e9jour d\u00e9tente gr\u00e2ce au Forum de Tr\u00e9gastel situ\u00e9 proche de la r\u00e9sidence **** au neuf mille.\" \/>\n<meta property=\"og:url\" content=\"https:\/\/www.au-neuf-mille.fr\/en\/portfolio\/le-forum-de-tregastel\/\" \/>\n<meta property=\"og:site_name\" content=\"Au neuf mille\" \/>\n<meta property=\"article:modified_time\" content=\"2024-01-18T09:51:40+00:00\" \/>\n<meta property=\"og:image\" content=\"https:\/\/www.au-neuf-mille.fr\/wp-content\/uploads\/Forum_de_Tregastel-4-3.jpg\" \/>\n\t<meta property=\"og:image:width\" content=\"528\" \/>\n\t<meta property=\"og:image:height\" content=\"396\" \/>\n\t<meta property=\"og:image:type\" content=\"image\/jpeg\" \/>\n<script type=\"application\/ld+json\" class=\"yoast-schema-graph\">{\"@context\":\"https:\\\/\\\/schema.org\",\"@graph\":[{\"@type\":\"WebPage\",\"@id\":\"https:\\\/\\\/www.au-neuf-mille.fr\\\/en\\\/portfolio\\\/le-forum-de-tregastel\\\/\",\"url\":\"https:\\\/\\\/www.au-neuf-mille.fr\\\/en\\\/portfolio\\\/le-forum-de-tregastel\\\/\",\"name\":\"S\u00e9jour d\u00e9tente gr\u00e2ce au Forum de Tr\u00e9gastel proche de la r\u00e9sidence\",\"isPartOf\":{\"@id\":\"https:\\\/\\\/www.au-neuf-mille.fr\\\/en\\\/#website\"},\"primaryImageOfPage\":{\"@id\":\"https:\\\/\\\/www.au-neuf-mille.fr\\\/en\\\/portfolio\\\/le-forum-de-tregastel\\\/#primaryimage\"},\"image\":{\"@id\":\"https:\\\/\\\/www.au-neuf-mille.fr\\\/en\\\/portfolio\\\/le-forum-de-tregastel\\\/#primaryimage\"},\"thumbnailUrl\":\"https:\\\/\\\/www.au-neuf-mille.fr\\\/wp-content\\\/uploads\\\/Forum_de_Tregastel-4-3.jpg\",\"datePublished\":\"2016-02-16T13:27:41+00:00\",\"dateModified\":\"2024-01-18T09:51:40+00:00\",\"description\":\"S\u00e9jour d\u00e9tente gr\u00e2ce au Forum de Tr\u00e9gastel situ\u00e9 proche de la r\u00e9sidence **** au neuf mille.\",\"breadcrumb\":{\"@id\":\"https:\\\/\\\/www.au-neuf-mille.fr\\\/en\\\/portfolio\\\/le-forum-de-tregastel\\\/#breadcrumb\"},\"inLanguage\":\"en-US\",\"potentialAction\":[{\"@type\":\"ReadAction\",\"target\":[\"https:\\\/\\\/www.au-neuf-mille.fr\\\/en\\\/portfolio\\\/le-forum-de-tregastel\\\/\"]}]},{\"@type\":\"ImageObject\",\"inLanguage\":\"en-US\",\"@id\":\"https:\\\/\\\/www.au-neuf-mille.fr\\\/en\\\/portfolio\\\/le-forum-de-tregastel\\\/#primaryimage\",\"url\":\"https:\\\/\\\/www.au-neuf-mille.fr\\\/wp-content\\\/uploads\\\/Forum_de_Tregastel-4-3.jpg\",\"contentUrl\":\"https:\\\/\\\/www.au-neuf-mille.fr\\\/wp-content\\\/uploads\\\/Forum_de_Tregastel-4-3.jpg\",\"width\":528,\"height\":396,\"caption\":\"Forum de Tr\u00e9gastel\"},{\"@type\":\"BreadcrumbList\",\"@id\":\"https:\\\/\\\/www.au-neuf-mille.fr\\\/en\\\/portfolio\\\/le-forum-de-tregastel\\\/#breadcrumb\",\"itemListElement\":[{\"@type\":\"ListItem\",\"position\":1,\"name\":\"Accueil\",\"item\":\"https:\\\/\\\/www.au-neuf-mille.fr\\\/en\\\/\"},{\"@type\":\"ListItem\",\"position\":2,\"name\":\"Portfolio\",\"item\":\"https:\\\/\\\/www.au-neuf-mille.fr\\\/en\\\/portfolio\\\/\"},{\"@type\":\"ListItem\",\"position\":3,\"name\":\"Le Forum de Tr\u00e9gastel\"}]},{\"@type\":\"WebSite\",\"@id\":\"https:\\\/\\\/www.au-neuf-mille.fr\\\/en\\\/#website\",\"url\":\"https:\\\/\\\/www.au-neuf-mille.fr\\\/en\\\/\",\"name\":\"Au neuf mille\",\"description\":\"Meubl\u00e9s de tourisme **** \u00e0  Perros-Guirec\",\"publisher\":{\"@id\":\"https:\\\/\\\/www.au-neuf-mille.fr\\\/en\\\/#organization\"},\"potentialAction\":[{\"@type\":\"SearchAction\",\"target\":{\"@type\":\"EntryPoint\",\"urlTemplate\":\"https:\\\/\\\/www.au-neuf-mille.fr\\\/en\\\/?s={search_term_string}\"},\"query-input\":{\"@type\":\"PropertyValueSpecification\",\"valueRequired\":true,\"valueName\":\"search_term_string\"}}],\"inLanguage\":\"en-US\"},{\"@type\":\"Organization\",\"@id\":\"https:\\\/\\\/www.au-neuf-mille.fr\\\/en\\\/#organization\",\"name\":\"Au Neuf Mille\",\"alternateName\":\"Au 9000\",\"url\":\"https:\\\/\\\/www.au-neuf-mille.fr\\\/en\\\/\",\"logo\":{\"@type\":\"ImageObject\",\"inLanguage\":\"en-US\",\"@id\":\"https:\\\/\\\/www.au-neuf-mille.fr\\\/en\\\/#\\\/schema\\\/logo\\\/image\\\/\",\"url\":\"https:\\\/\\\/www.au-neuf-mille.fr\\\/wp-content\\\/uploads\\\/logo-au9000-seul-vfinal.png\",\"contentUrl\":\"https:\\\/\\\/www.au-neuf-mille.fr\\\/wp-content\\\/uploads\\\/logo-au9000-seul-vfinal.png\",\"width\":270,\"height\":355,\"caption\":\"Au Neuf Mille\"},\"image\":{\"@id\":\"https:\\\/\\\/www.au-neuf-mille.fr\\\/en\\\/#\\\/schema\\\/logo\\\/image\\\/\"}}]}<\/script>\n<!-- \/ Yoast SEO plugin. -->","yoast_head_json":{"title":"S\u00e9jour d\u00e9tente gr\u00e2ce au Forum de Tr\u00e9gastel proche de la r\u00e9sidence","description":"S\u00e9jour d\u00e9tente gr\u00e2ce au Forum de Tr\u00e9gastel situ\u00e9 proche de la r\u00e9sidence **** au neuf mille.","robots":{"index":"index","follow":"follow","max-snippet":"max-snippet:-1","max-image-preview":"max-image-preview:large","max-video-preview":"max-video-preview:-1"},"canonical":"https:\/\/www.au-neuf-mille.fr\/en\/portfolio\/le-forum-de-tregastel\/","og_locale":"en_US","og_type":"article","og_title":"S\u00e9jour d\u00e9tente gr\u00e2ce au Forum de Tr\u00e9gastel proche de la r\u00e9sidence","og_description":"S\u00e9jour d\u00e9tente gr\u00e2ce au Forum de Tr\u00e9gastel situ\u00e9 proche de la r\u00e9sidence **** au neuf mille.","og_url":"https:\/\/www.au-neuf-mille.fr\/en\/portfolio\/le-forum-de-tregastel\/","og_site_name":"Au neuf mille","article_modified_time":"2024-01-18T09:51:40+00:00","og_image":[{"width":528,"height":396,"url":"https:\/\/www.au-neuf-mille.fr\/wp-content\/uploads\/Forum_de_Tregastel-4-3.jpg","type":"image\/jpeg"}],"schema":{"@context":"https:\/\/schema.org","@graph":[{"@type":"WebPage","@id":"https:\/\/www.au-neuf-mille.fr\/en\/portfolio\/le-forum-de-tregastel\/","url":"https:\/\/www.au-neuf-mille.fr\/en\/portfolio\/le-forum-de-tregastel\/","name":"S\u00e9jour d\u00e9tente gr\u00e2ce au Forum de Tr\u00e9gastel proche de la r\u00e9sidence","isPartOf":{"@id":"https:\/\/www.au-neuf-mille.fr\/en\/#website"},"primaryImageOfPage":{"@id":"https:\/\/www.au-neuf-mille.fr\/en\/portfolio\/le-forum-de-tregastel\/#primaryimage"},"image":{"@id":"https:\/\/www.au-neuf-mille.fr\/en\/portfolio\/le-forum-de-tregastel\/#primaryimage"},"thumbnailUrl":"https:\/\/www.au-neuf-mille.fr\/wp-content\/uploads\/Forum_de_Tregastel-4-3.jpg","datePublished":"2016-02-16T13:27:41+00:00","dateModified":"2024-01-18T09:51:40+00:00","description":"S\u00e9jour d\u00e9tente gr\u00e2ce au Forum de Tr\u00e9gastel situ\u00e9 proche de la r\u00e9sidence **** au neuf mille.","breadcrumb":{"@id":"https:\/\/www.au-neuf-mille.fr\/en\/portfolio\/le-forum-de-tregastel\/#breadcrumb"},"inLanguage":"en-US","potentialAction":[{"@type":"ReadAction","target":["https:\/\/www.au-neuf-mille.fr\/en\/portfolio\/le-forum-de-tregastel\/"]}]},{"@type":"ImageObject","inLanguage":"en-US","@id":"https:\/\/www.au-neuf-mille.fr\/en\/portfolio\/le-forum-de-tregastel\/#primaryimage","url":"https:\/\/www.au-neuf-mille.fr\/wp-content\/uploads\/Forum_de_Tregastel-4-3.jpg","contentUrl":"https:\/\/www.au-neuf-mille.fr\/wp-content\/uploads\/Forum_de_Tregastel-4-3.jpg","width":528,"height":396,"caption":"Forum de Tr\u00e9gastel"},{"@type":"BreadcrumbList","@id":"https:\/\/www.au-neuf-mille.fr\/en\/portfolio\/le-forum-de-tregastel\/#breadcrumb","itemListElement":[{"@type":"ListItem","position":1,"name":"Accueil","item":"https:\/\/www.au-neuf-mille.fr\/en\/"},{"@type":"ListItem","position":2,"name":"Portfolio","item":"https:\/\/www.au-neuf-mille.fr\/en\/portfolio\/"},{"@type":"ListItem","position":3,"name":"Le Forum de Tr\u00e9gastel"}]},{"@type":"WebSite","@id":"https:\/\/www.au-neuf-mille.fr\/en\/#website","url":"https:\/\/www.au-neuf-mille.fr\/en\/","name":"Au neuf mille","description":"Meubl\u00e9s de tourisme **** \u00e0  Perros-Guirec","publisher":{"@id":"https:\/\/www.au-neuf-mille.fr\/en\/#organization"},"potentialAction":[{"@type":"SearchAction","target":{"@type":"EntryPoint","urlTemplate":"https:\/\/www.au-neuf-mille.fr\/en\/?s={search_term_string}"},"query-input":{"@type":"PropertyValueSpecification","valueRequired":true,"valueName":"search_term_string"}}],"inLanguage":"en-US"},{"@type":"Organization","@id":"https:\/\/www.au-neuf-mille.fr\/en\/#organization","name":"Au Neuf Mille","alternateName":"Au 9000","url":"https:\/\/www.au-neuf-mille.fr\/en\/","logo":{"@type":"ImageObject","inLanguage":"en-US","@id":"https:\/\/www.au-neuf-mille.fr\/en\/#\/schema\/logo\/image\/","url":"https:\/\/www.au-neuf-mille.fr\/wp-content\/uploads\/logo-au9000-seul-vfinal.png","contentUrl":"https:\/\/www.au-neuf-mille.fr\/wp-content\/uploads\/logo-au9000-seul-vfinal.png","width":270,"height":355,"caption":"Au Neuf Mille"},"image":{"@id":"https:\/\/www.au-neuf-mille.fr\/en\/#\/schema\/logo\/image\/"}}]}},"_links":{"self":[{"href":"https:\/\/www.au-neuf-mille.fr\/en\/wp-json\/wp\/v2\/portfolio\/2238","targetHints":{"allow":["GET"]}}],"collection":[{"href":"https:\/\/www.au-neuf-mille.fr\/en\/wp-json\/wp\/v2\/portfolio"}],"about":[{"href":"https:\/\/www.au-neuf-mille.fr\/en\/wp-json\/wp\/v2\/types\/portfolio"}],"author":[{"embeddable":true,"href":"https:\/\/www.au-neuf-mille.fr\/en\/wp-json\/wp\/v2\/users\/1"}],"replies":[{"embeddable":true,"href":"https:\/\/www.au-neuf-mille.fr\/en\/wp-json\/wp\/v2\/comments?post=2238"}],"version-history":[{"count":3,"href":"https:\/\/www.au-neuf-mille.fr\/en\/wp-json\/wp\/v2\/portfolio\/2238\/revisions"}],"predecessor-version":[{"id":2312,"href":"https:\/\/www.au-neuf-mille.fr\/en\/wp-json\/wp\/v2\/portfolio\/2238\/revisions\/2312"}],"wp:featuredmedia":[{"embeddable":true,"href":"https:\/\/www.au-neuf-mille.fr\/en\/wp-json\/wp\/v2\/media\/1721"}],"wp:attachment":[{"href":"https:\/\/www.au-neuf-mille.fr\/en\/wp-json\/wp\/v2\/media?parent=2238"}],"wp:term":[{"taxonomy":"portfolio_category","embeddable":true,"href":"https:\/\/www.au-neuf-mille.fr\/en\/wp-json\/wp\/v2\/portfolio_category?post=2238"},{"taxonomy":"portfolio_tag","embeddable":true,"href":"https:\/\/www.au-neuf-mille.fr\/en\/wp-json\/wp\/v2\/portfolio_tag?post=2238"}],"curies":[{"name":"wp","href":"https:\/\/api.w.org\/{rel}","templated":true}]}}